{"id":2789,"date":"2019-02-14T14:45:44","date_gmt":"2019-02-14T14:45:44","guid":{"rendered":"http:\/\/www.huszpo-konferencija.com\/?page_id=2789"},"modified":"2021-10-06T00:49:09","modified_gmt":"2021-10-06T00:49:09","slug":"odbori-2019","status":"publish","type":"page","link":"https:\/\/huszpo-konferencija.com\/en\/odbori-2019\/","title":{"rendered":"Odbori 2019"},"content":{"rendered":"<h3 class=\"wp-block-heading\">Members:<\/h3>\n\n\n\n<p>Oleg Antoni\u0107<br>Jerzy Jendro\u015bka<br>Maja Jerman Vrani\u0107<br>Vesna Kolar Planin\u0161i\u010d<br>Ivan Martini\u0107<br>Merica Pletikosi\u0107<br>Ilija \u0160mitran<br>\u017deljko Tusi\u0107<\/p>\n\n\n\n<h3 class=\"wp-block-heading\">President of the Scientific Committee:<\/h3>\n\n\n\n<p>prof. dr. sc. Oleg Antoni\u0107, Hrvatska<\/p>\n\n\n\n<h3 class=\"wp-block-heading\">President of the Scientific Committee:<\/h3>\n\n\n\n<p>prof. dr. sc. Oleg Antoni\u0107<\/p>\n\n\n\n<h3 class=\"wp-block-heading\">Members of the Scientific Committee:<\/h3>\n\n\n\n<p>dr. sc. Marijan Babi\u0107, Hrvatska<br>dr. sc. Danko Biondi\u0107, Hrvatska<br>mr. sc. Vasilije Bu\u0161kovi\u0107, Crna Gora<br>dr. sc. Aljo\u0161a Dupli\u0107, Hrvatska<br>dr. sc. Vladimir Jelavi\u0107, Hrvatska<br>dr. sc. Du\u0161an Jeli\u0107, Hrvatska<br>dr. sc. Jerzy Jendro\u015bka, Poljska<br>prof. dr. sc. Mihone Kerolli-Mustafa, Kosovo<br>mr. sc. Vesna Kolar Planin\u0161i\u010d, Slovenija<br>prof. dr. sc. Ivan Martini\u0107, Hrvatska<br>Anamarija Matak, Hrvatska<br>prof.dr.sc. An\u0111elka Mihajlov, Srbija<br>dr. sc. Nenad Mikuli\u0107, Hrvatska<br>doc. dr. sc. Merica Pletikosi\u0107, Hrvatska<br>doc.dr.sc. Milan Rezo, Hrvatska<br>prof.dr.sc. Traj\u010de Stafilov, Sjeverna Makedonija<br>dr.sc. Igor Stanki\u0107, Hrvatska<br>dr. sc. Alan \u0160timac, Hrvatska<br>dr.sc. Ivan Vu\u010dkovi\u0107, Hrvatska<br>mr.sc. Irina Zupan, Hrvatska<\/p>\n\n\n\n<h3 class=\"wp-block-heading\">Members of the Advisory Committee:<\/h3>\n\n\n\n<p>Tea Aulavuo, Konvencija o procjeni utjecaja na okoli\u0161 preko dr\u017eavnih granica (Espoo), UNECE<br>Brankica Cmiljanovi\u0107, voditeljica Direkcije za Horizontalno zakonodavstvo, Ministarstvo odr\u017eivog razvoja i turizma Crne Gore<br>Srebrenka Goli\u0107, ministrica, Ministarstvo za prostorno ure\u0111enje, gra\u0111evinarstvo i ekologiju Republike Srpske<br>Matja\u017e Harmel, direktor, ZaVita d.o.o., Slovenija<br>Igor Kreitmeyer, pomo\u0107nik ministra, Ministarstvo za\u0161tite okoli\u0161a i energetike Republike Hrvatske<br>Anamarija Matak, pomo\u0107nica ministra, Ministarstvo za\u0161tite okoli\u0161a i energetike Republike Hrvatske<br>Stjepan Mati\u0107, pomo\u0107nik ministrice, Federalno Ministarstvo okoli\u0161a i turizma, Bosna i Hercegovina<\/p>\n\n\n\n<h3 class=\"wp-block-heading\">Secretariat:<\/h3>\n\n\n\n<p>mr.sc. \u017deljka Medven Korman<\/p>","protected":false},"excerpt":{"rendered":"<p>\u010clanovi: Oleg Antoni\u0107Jerzy Jendro\u015bkaMaja Jerman Vrani\u0107Vesna Kolar Planin\u0161i\u010dIvan Martini\u0107Merica Pletikosi\u0107Ilija \u0160mitran\u017deljko Tusi\u0107 Predsjednik Znanstvenog odbora: prof. dr. sc. Oleg Antoni\u0107, Hrvatska Predsjednik Znanstvenog odbora: prof. dr. sc. Oleg Antoni\u0107 \u010clanovi Znanstvenog odbora: dr. sc. Marijan Babi\u0107, Hrvatskadr. sc. Danko Biondi\u0107, Hrvatskamr. sc. Vasilije Bu\u0161kovi\u0107, Crna Goradr. sc. Aljo\u0161a Dupli\u0107, Hrvatskadr. sc. Vladimir Jelavi\u0107, Hrvatskadr. sc.&hellip;&nbsp;<a href=\"https:\/\/huszpo-konferencija.com\/en\/odbori-2019\/\" rel=\"bookmark\">Read More &raquo;<span class=\"screen-reader-text\">Odbori 2019<\/span><\/a><\/p>","protected":false},"author":7,"featured_media":0,"parent":0,"menu_order":0,"comment_status":"closed","ping_status":"closed","template":"","meta":{"_uag_custom_page_level_css":"","neve_meta_sidebar":"","neve_meta_container":"","neve_meta_enable_content_width":"","neve_meta_content_width":0,"neve_meta_title_alignment":"","neve_meta_author_avatar":"","neve_post_elements_order":"","neve_meta_disable_header":"","neve_meta_disable_footer":"","neve_meta_disable_title":"","_themeisle_gutenberg_block_has_review":false,"footnotes":""},"class_list":["post-2789","page","type-page","status-publish","hentry"],"yoast_head":"<!-- This site is optimized with the Yoast SEO plugin v24.2 - https:\/\/yoast.com\/wordpress\/plugins\/seo\/ -->\n<title>Odbori 2019 - Konferencija Okoli\u0161ne procjene i Europski zeleni plan &#039;22<\/title>\n<meta name=\"robots\" content=\"index, follow, max-snippet:-1, max-image-preview:large, max-video-preview:-1\" \/>\n<link rel=\"canonical\" href=\"https:\/\/huszpo-konferencija.com\/en\/odbori-2019\/\" \/>\n<meta property=\"og:locale\" content=\"en_US\" \/>\n<meta property=\"og:type\" content=\"article\" \/>\n<meta property=\"og:title\" content=\"Odbori 2019 - Konferencija Okoli\u0161ne procjene i Europski zeleni plan &#039;22\" \/>\n<meta property=\"og:description\" content=\"\u010clanovi: Oleg Antoni\u0107Jerzy Jendro\u015bkaMaja Jerman Vrani\u0107Vesna Kolar Planin\u0161i\u010dIvan Martini\u0107Merica Pletikosi\u0107Ilija \u0160mitran\u017deljko Tusi\u0107 Predsjednik Znanstvenog odbora: prof. dr. sc. Oleg Antoni\u0107, Hrvatska Predsjednik Znanstvenog odbora: prof. dr. sc. Oleg Antoni\u0107 \u010clanovi Znanstvenog odbora: dr. sc. Marijan Babi\u0107, Hrvatskadr. sc. Danko Biondi\u0107, Hrvatskamr. sc. Vasilije Bu\u0161kovi\u0107, Crna Goradr. sc. Aljo\u0161a Dupli\u0107, Hrvatskadr. sc. Vladimir Jelavi\u0107, Hrvatskadr. sc.&hellip;&nbsp;Read More &raquo;Odbori 2019\" \/>\n<meta property=\"og:url\" content=\"https:\/\/huszpo-konferencija.com\/en\/odbori-2019\/\" \/>\n<meta property=\"og:site_name\" content=\"Konferencija Okoli\u0161ne procjene i Europski zeleni plan &#039;22\" \/>\n<meta property=\"article:publisher\" content=\"https:\/\/www.facebook.com\/HUSZPO-107221977694653\/\" \/>\n<meta property=\"article:modified_time\" content=\"2021-10-06T00:49:09+00:00\" \/>\n<meta name=\"twitter:card\" content=\"summary_large_image\" \/>\n<meta name=\"twitter:site\" content=\"@huszpo\" \/>\n<meta name=\"twitter:label1\" content=\"Est. reading time\" \/>\n\t<meta name=\"twitter:data1\" content=\"1 minute\" \/>\n<script type=\"application\/ld+json\" class=\"yoast-schema-graph\">{\"@context\":\"https:\/\/schema.org\",\"@graph\":[{\"@type\":\"WebPage\",\"@id\":\"https:\/\/huszpo-konferencija.com\/odbori-2019\/\",\"url\":\"https:\/\/huszpo-konferencija.com\/odbori-2019\/\",\"name\":\"Odbori 2019 - Konferencija Okoli\u0161ne procjene i Europski zeleni plan &#039;22\",\"isPartOf\":{\"@id\":\"https:\/\/huszpo-konferencija.com\/#website\"},\"datePublished\":\"2019-02-14T14:45:44+00:00\",\"dateModified\":\"2021-10-06T00:49:09+00:00\",\"breadcrumb\":{\"@id\":\"https:\/\/huszpo-konferencija.com\/odbori-2019\/#breadcrumb\"},\"inLanguage\":\"en-US\",\"potentialAction\":[{\"@type\":\"ReadAction\",\"target\":[\"https:\/\/huszpo-konferencija.com\/odbori-2019\/\"]}]},{\"@type\":\"BreadcrumbList\",\"@id\":\"https:\/\/huszpo-konferencija.com\/odbori-2019\/#breadcrumb\",\"itemListElement\":[{\"@type\":\"ListItem\",\"position\":1,\"name\":\"Naslovna\",\"item\":\"https:\/\/huszpo-konferencija.com\/\"},{\"@type\":\"ListItem\",\"position\":2,\"name\":\"Odbori 2019\"}]},{\"@type\":\"WebSite\",\"@id\":\"https:\/\/huszpo-konferencija.com\/#website\",\"url\":\"https:\/\/huszpo-konferencija.com\/\",\"name\":\"Konferencija Okoli\u0161ne procjene i Europski zeleni plan\",\"description\":\"Konferencija Okoli\u0161ne procjene i Europski zeleni plan &#039;22\",\"publisher\":{\"@id\":\"https:\/\/huszpo-konferencija.com\/#organization\"},\"potentialAction\":[{\"@type\":\"SearchAction\",\"target\":{\"@type\":\"EntryPoint\",\"urlTemplate\":\"https:\/\/huszpo-konferencija.com\/?s={search_term_string}\"},\"query-input\":{\"@type\":\"PropertyValueSpecification\",\"valueRequired\":true,\"valueName\":\"search_term_string\"}}],\"inLanguage\":\"en-US\"},{\"@type\":\"Organization\",\"@id\":\"https:\/\/huszpo-konferencija.com\/#organization\",\"name\":\"HUSZPO\",\"url\":\"https:\/\/huszpo-konferencija.com\/\",\"logo\":{\"@type\":\"ImageObject\",\"inLanguage\":\"en-US\",\"@id\":\"https:\/\/huszpo-konferencija.com\/#\/schema\/logo\/image\/\",\"url\":\"https:\/\/huszpo-konferencija.com\/wp-content\/uploads\/2021\/10\/cropped-cropped-cropped-Logo.png\",\"contentUrl\":\"https:\/\/huszpo-konferencija.com\/wp-content\/uploads\/2021\/10\/cropped-cropped-cropped-Logo.png\",\"width\":512,\"height\":512,\"caption\":\"HUSZPO\"},\"image\":{\"@id\":\"https:\/\/huszpo-konferencija.com\/#\/schema\/logo\/image\/\"},\"sameAs\":[\"https:\/\/www.facebook.com\/HUSZPO-107221977694653\/\",\"https:\/\/x.com\/huszpo\",\"https:\/\/www.instagram.com\/huszpo\",\"https:\/\/www.linkedin.com\/in\/huszpo-hrvatska-udruga-stru\u010dnjaka-za\u0161tite-prirode-i-okoli\u0161a-2a52481b2\/?originalSubdomain=hr\"]}]}<\/script>\n<!-- \/ Yoast SEO plugin. -->","yoast_head_json":{"title":"Odbori 2019 - Konferencija Okoli\u0161ne procjene i Europski zeleni plan &#039;22","robots":{"index":"index","follow":"follow","max-snippet":"max-snippet:-1","max-image-preview":"max-image-preview:large","max-video-preview":"max-video-preview:-1"},"canonical":"https:\/\/huszpo-konferencija.com\/en\/odbori-2019\/","og_locale":"en_US","og_type":"article","og_title":"Odbori 2019 - Konferencija Okoli\u0161ne procjene i Europski zeleni plan &#039;22","og_description":"\u010clanovi: Oleg Antoni\u0107Jerzy Jendro\u015bkaMaja Jerman Vrani\u0107Vesna Kolar Planin\u0161i\u010dIvan Martini\u0107Merica Pletikosi\u0107Ilija \u0160mitran\u017deljko Tusi\u0107 Predsjednik Znanstvenog odbora: prof. dr. sc. Oleg Antoni\u0107, Hrvatska Predsjednik Znanstvenog odbora: prof. dr. sc. Oleg Antoni\u0107 \u010clanovi Znanstvenog odbora: dr. sc. Marijan Babi\u0107, Hrvatskadr. sc. Danko Biondi\u0107, Hrvatskamr. sc. Vasilije Bu\u0161kovi\u0107, Crna Goradr. sc. Aljo\u0161a Dupli\u0107, Hrvatskadr. sc. Vladimir Jelavi\u0107, Hrvatskadr. sc.&hellip;&nbsp;Read More &raquo;Odbori 2019","og_url":"https:\/\/huszpo-konferencija.com\/en\/odbori-2019\/","og_site_name":"Konferencija Okoli\u0161ne procjene i Europski zeleni plan &#039;22","article_publisher":"https:\/\/www.facebook.com\/HUSZPO-107221977694653\/","article_modified_time":"2021-10-06T00:49:09+00:00","twitter_card":"summary_large_image","twitter_site":"@huszpo","twitter_misc":{"Est. reading time":"1 minute"},"schema":{"@context":"https:\/\/schema.org","@graph":[{"@type":"WebPage","@id":"https:\/\/huszpo-konferencija.com\/odbori-2019\/","url":"https:\/\/huszpo-konferencija.com\/odbori-2019\/","name":"Odbori 2019 - Konferencija Okoli\u0161ne procjene i Europski zeleni plan &#039;22","isPartOf":{"@id":"https:\/\/huszpo-konferencija.com\/#website"},"datePublished":"2019-02-14T14:45:44+00:00","dateModified":"2021-10-06T00:49:09+00:00","breadcrumb":{"@id":"https:\/\/huszpo-konferencija.com\/odbori-2019\/#breadcrumb"},"inLanguage":"en-US","potentialAction":[{"@type":"ReadAction","target":["https:\/\/huszpo-konferencija.com\/odbori-2019\/"]}]},{"@type":"BreadcrumbList","@id":"https:\/\/huszpo-konferencija.com\/odbori-2019\/#breadcrumb","itemListElement":[{"@type":"ListItem","position":1,"name":"Naslovna","item":"https:\/\/huszpo-konferencija.com\/"},{"@type":"ListItem","position":2,"name":"Odbori 2019"}]},{"@type":"WebSite","@id":"https:\/\/huszpo-konferencija.com\/#website","url":"https:\/\/huszpo-konferencija.com\/","name":"Konferencija Okoli\u0161ne procjene i Europski zeleni plan","description":"Konferencija Okoli\u0161ne procjene i Europski zeleni plan &#039;22","publisher":{"@id":"https:\/\/huszpo-konferencija.com\/#organization"},"potentialAction":[{"@type":"SearchAction","target":{"@type":"EntryPoint","urlTemplate":"https:\/\/huszpo-konferencija.com\/?s={search_term_string}"},"query-input":{"@type":"PropertyValueSpecification","valueRequired":true,"valueName":"search_term_string"}}],"inLanguage":"en-US"},{"@type":"Organization","@id":"https:\/\/huszpo-konferencija.com\/#organization","name":"HUSZPO","url":"https:\/\/huszpo-konferencija.com\/","logo":{"@type":"ImageObject","inLanguage":"en-US","@id":"https:\/\/huszpo-konferencija.com\/#\/schema\/logo\/image\/","url":"https:\/\/huszpo-konferencija.com\/wp-content\/uploads\/2021\/10\/cropped-cropped-cropped-Logo.png","contentUrl":"https:\/\/huszpo-konferencija.com\/wp-content\/uploads\/2021\/10\/cropped-cropped-cropped-Logo.png","width":512,"height":512,"caption":"HUSZPO"},"image":{"@id":"https:\/\/huszpo-konferencija.com\/#\/schema\/logo\/image\/"},"sameAs":["https:\/\/www.facebook.com\/HUSZPO-107221977694653\/","https:\/\/x.com\/huszpo","https:\/\/www.instagram.com\/huszpo","https:\/\/www.linkedin.com\/in\/huszpo-hrvatska-udruga-stru\u010dnjaka-za\u0161tite-prirode-i-okoli\u0161a-2a52481b2\/?originalSubdomain=hr"]}]}},"uagb_featured_image_src":{"full":false,"thumbnail":false,"medium":false,"medium_large":false,"large":false,"gs-tiny":false,"xl":false,"xxl":false,"xxxl":false,"xxxxl":false,"xxxxxl":false,"1536x1536":false,"2048x2048":false,"trp-custom-language-flag":false,"neve-blog":false},"uagb_author_info":{"display_name":"super_admin","author_link":"https:\/\/huszpo-konferencija.com\/en\/author\/super_admin\/"},"uagb_comment_info":0,"uagb_excerpt":"\u010clanovi: Oleg Antoni\u0107Jerzy Jendro\u015bkaMaja Jerman Vrani\u0107Vesna Kolar Planin\u0161i\u010dIvan Martini\u0107Merica Pletikosi\u0107Ilija \u0160mitran\u017deljko Tusi\u0107 Predsjednik Znanstvenog odbora: prof. dr. sc. Oleg Antoni\u0107, Hrvatska Predsjednik Znanstvenog odbora: prof. dr. sc. Oleg Antoni\u0107 \u010clanovi Znanstvenog odbora: dr. sc. Marijan Babi\u0107, Hrvatskadr. sc. Danko Biondi\u0107, Hrvatskamr. sc. Vasilije Bu\u0161kovi\u0107, Crna Goradr. sc. Aljo\u0161a Dupli\u0107, Hrvatskadr. sc. Vladimir Jelavi\u0107, Hrvatskadr. sc.&hellip;&nbsp;Read&hellip;","_links":{"self":[{"href":"https:\/\/huszpo-konferencija.com\/en\/wp-json\/wp\/v2\/pages\/2789","targetHints":{"allow":["GET"]}}],"collection":[{"href":"https:\/\/huszpo-konferencija.com\/en\/wp-json\/wp\/v2\/pages"}],"about":[{"href":"https:\/\/huszpo-konferencija.com\/en\/wp-json\/wp\/v2\/types\/page"}],"author":[{"embeddable":true,"href":"https:\/\/huszpo-konferencija.com\/en\/wp-json\/wp\/v2\/users\/7"}],"replies":[{"embeddable":true,"href":"https:\/\/huszpo-konferencija.com\/en\/wp-json\/wp\/v2\/comments?post=2789"}],"version-history":[{"count":25,"href":"https:\/\/huszpo-konferencija.com\/en\/wp-json\/wp\/v2\/pages\/2789\/revisions"}],"predecessor-version":[{"id":4169,"href":"https:\/\/huszpo-konferencija.com\/en\/wp-json\/wp\/v2\/pages\/2789\/revisions\/4169"}],"wp:attachment":[{"href":"https:\/\/huszpo-konferencija.com\/en\/wp-json\/wp\/v2\/media?parent=2789"}],"curies":[{"name":"wp","href":"https:\/\/api.w.org\/{rel}","templated":true}]}}